{"id":1508,"date":"2022-02-10T11:03:50","date_gmt":"2022-02-10T11:03:50","guid":{"rendered":"https:\/\/www.chalets-bourgsaintmaurice.com\/mon-sejour\/"},"modified":"2025-09-23T10:36:38","modified_gmt":"2025-09-23T10:36:38","slug":"mon-sejour","status":"publish","type":"page","link":"https:\/\/www.chalets-bourgsaintmaurice.com\/de\/mon-sejour\/","title":{"rendered":"Mein Aufenthalt"},"content":{"rendered":"<div class=\"wpb-content-wrapper\"><p>[vc_row css=&#8220;.vc_custom_1644492984472{background-color: #e8e8e8 !important;}&#8220;][vc_column]<div class=\"wrappedcontent\">[vc_empty_space height=&#8220;40px&#8220;][vc_column_text]<\/p>\n<h2>Alle praktischen Informationen vor Ihrem Chalet-Aufenthalt<\/h2>\n<p>[\/vc_column_text]<\/div>[\/vc_column][\/vc_row][vc_row][vc_column]<div class=\"wrappedcontent\">[vc_row_inner equal_height=&#8220;yes&#8220; gap=&#8220;35&#8243; css=&#8220;.vc_custom_1644493051052{margin-left: -0.5px !important;}&#8220;][vc_column_inner width=&#8220;1\/2&#8243;][vc_icon icon_fontawesome=&#8220;far fa-snowflake&#8220; color=&#8220;custom&#8220; custom_color=&#8220;#23afc2&#8243;][vc_column_text]<\/p>\n<p style=\"text-align: center;\"><span style=\"color: #23afc2;\"><strong><span style=\"font-size: 20pt;\">Mein Stellplatz-Aufenthalt<\/span><\/strong><\/span><\/p>\n<p>[\/vc_column_text][vc_empty_space height=&#8220;35px&#8220;][vc_column_text css=&#8220;&#8220;]<span style=\"font-size: 14pt;\"><strong>Folgendes ist in meiner Wohnmobil-Winterstellplatzpauschale inbegriffen: \u00a0<\/strong><\/span><\/p>\n<ul>\n<li>2 Personen<\/li>\n<li>1 Wohnmobil oder 1 Van<\/li>\n<li>Eine Reisemobil-Servicestation<\/li>\n<li>Stromanschluss<\/li>\n<\/ul>\n<p><span style=\"font-size: 14pt;\"><strong>Folgendes ist in meiner Komfort-Winterstellplatzpauschale inbegriffen:\u00a0<\/strong><\/span><\/p>\n<ul>\n<li>2 Personen<\/li>\n<li>1 Wohnwagen + 1 Fahrzeug<\/li>\n<li>Eine Reisemobil-Servicestation<\/li>\n<li>Stromanschluss<\/li>\n<\/ul>\n<p><span style=\"font-size: 12pt;\"><b>\u00a0 \u00a0 \u00a0 With additional costs: see supplementary rates<\/b><\/span><\/p>\n<ul>\n<li>Bis zu 6 Personen (Erwachsene, Kinder und Babys) pro Stellplatz<\/li>\n<\/ul>\n<p><span style=\"font-size: 14pt;\"><strong>Zahlungsmodalit\u00e4ten, classic-tarif<\/strong><\/span><\/p>\n<ul>\n<li><span style=\"font-size: 12pt;\">F\u00fcr Aufenthalte von 3 N\u00e4chten oder mehr: Anzahlung von 30% der Aufenthaltskosten bei der Buchung. Zahlung des Restbetrags vor Ort.<\/span><\/li>\n<li><span style=\"font-size: 12pt;\">F\u00fcr 1 oder 2 N\u00e4chte: Bezahlung der gesamten Aufenthaltskosten bei der Buchung.<\/span><\/li>\n<\/ul>\n<p><strong>Buchungs\u00e4nderungen:<\/strong> bis 14 Tage vor Anreise gegen eine Geb\u00fchr von 50 \u20ac.<br \/>\n<strong>Stornierung:\u00a0<\/strong> bis 30 Tage vor Anreise gegen 50 \u20ac Stornogeb\u00fchr + Stornoversicherungsabschluss + Buchungsgeb\u00fchr. Nach dieser Frist von 30 Tagen vor Anreise wird die Anzahlung einbehalten.<\/p>\n<p><span style=\"font-size: 14pt;\"><strong>An- und Abreisezeiten<\/strong><\/span><br \/>\n<span style=\"font-size: 12pt;\">Ankunft: 14 Uhr \/ Abreise: 12 Uhr<\/span>[\/vc_column_text][\/vc_column_inner][vc_column_inner width=&#8220;1\/2&#8243;][vc_icon icon_fontawesome=&#8220;fas fa-home&#8220; color=&#8220;custom&#8220; custom_color=&#8220;#23afc2&#8243;][vc_column_text]<\/p>\n<p style=\"text-align: center;\"><span style=\"color: #23afc2;\"><strong><span style=\"font-size: 20pt;\">Mein Aufenthalt in einer Unterkunft<\/span><\/strong><\/span><\/p>\n<p>[\/vc_column_text][vc_empty_space height=&#8220;35px&#8220;][vc_column_text css=&#8220;&#8220;]<span style=\"font-size: 14pt;\"><strong>Folgendes ist bei meiner Mietunterkunft inbegriffen: <\/strong><\/span><\/p>\n<ul>\n<li>Bettw\u00e4sche, Bettdecken und Handt\u00fccher<\/li>\n<li>Putz-Set (Schwamm, Geschirrsp\u00fclmittel, Allesreiniger)<\/li>\n<li>Skihalterung<\/li>\n<li>Babyset &#8211; Bett und Hochstuhl(je nach Verf\u00fcgbarkeit)<\/li>\n<li>Fondue- und Racletteger\u00e4t\u00a0in Ihrem Chalet<\/li>\n<li>1 Schlitten<\/li>\n<li>Ofenholz<\/li>\n<li>1 Parkplatz<\/li>\n<\/ul>\n<p><span style=\"font-size: 12pt;\"><b>\u00a0 \u00a0 \u00a0 With additional costs: see supplementary rates<\/b><\/span><\/p>\n<p><span style=\"font-size: 14pt;\"><strong>Zahlungsmodalit\u00e4ten, classic-tarif<\/strong><\/span><\/p>\n<ul>\n<li>Anzahlung von 30 % bei der Buchung, Zahlung des Restbetrags einen Monat vor der Ankunft.<\/li>\n<\/ul>\n<p><strong>Buchungs\u00e4nderungen:<\/strong> bis 14 Tage vor Anreise gegen eine Geb\u00fchr von 50 \u20ac.<br \/>\n<strong>Stornierung:\u00a0<\/strong> bis 30 Tage vor Anreise gegen 50 \u20ac Stornogeb\u00fchr + Stornoversicherungsabschluss + Buchungsgeb\u00fchr. Nach dieser Frist von 30 Tagen vor Anreise ist der Gesamtbetrag f\u00e4llig.<\/p>\n<p><span style=\"font-size: 14pt;\"><strong>An- und Abreisezeiten<\/strong><\/span><br \/>\n<span style=\"font-size: 12pt;\">Ankunft: 16 Uhr \/ Abreise: 10 Uhr<\/span>[\/vc_column_text][\/vc_column_inner][\/vc_row_inner]<\/div>[\/vc_column][\/vc_row][vc_row css=&#8220;.vc_custom_1644493896389{background-color: #e8e8e8 !important;}&#8220;][vc_column]<div class=\"wrappedcontent\">[vc_row_inner gap=&#8220;35&#8243;][vc_column_inner width=&#8220;1\/3&#8243;][vc_masonry_media_grid element_width=&#8220;12&#8243; gap=&#8220;0&#8243; grid_id=&#8220;vc_gid:1758623772605-6faa6e5b-b75e-3&#8243; include=&#8220;1492&#8243;][\/vc_column_inner][vc_column_inner width=&#8220;2\/3&#8243;][vc_column_text]<span style=\"color: #23afc2;\"><strong><span style=\"font-size: 16pt;\">Haustiere sind herzlich willkommen!<\/span><\/strong><\/span><\/p>\n<p><span style=\"font-size: 14pt;\">Pro Unterkunft ist ein Tier erlaubt.<\/span><br \/>\n<span style=\"font-size: 14pt;\">Die Tiere m\u00fcssen an der Leine gef\u00fchrt werden und geimpft sein.<\/span>[\/vc_column_text][\/vc_column_inner][\/vc_row_inner]<\/div>[\/vc_column][\/vc_row][vc_row css=&#8220;.vc_custom_1644493944877{background-color: #23afc2 !important;}&#8220;][vc_column]<div class=\"wrappedcontent\">[vc_row_inner equal_height=&#8220;yes&#8220; gap=&#8220;35&#8243; css=&#8220;.vc_custom_1644493956220{margin-left: -0.5px !important;}&#8220;][vc_column_inner width=&#8220;1\/3&#8243;][vc_icon icon_fontawesome=&#8220;fas fa-wallet&#8220; color=&#8220;white&#8220; align=&#8220;center&#8220;][vc_column_text]<\/p>\n<p style=\"text-align: center;\"><span style=\"font-size: 14pt; color: #ffffff;\"><strong>KEINE BUCHUNGSGEB\u00dcHR IM WINTER<\/strong><\/span><\/p>\n<p>[\/vc_column_text][\/vc_column_inner][vc_column_inner width=&#8220;1\/3&#8243;][vc_icon icon_fontawesome=&#8220;fas fa-briefcase&#8220; color=&#8220;white&#8220; align=&#8220;center&#8220;][vc_column_text]<\/p>\n<p style=\"text-align: center;\"><span style=\"font-size: 14pt; color: #ffffff;\"><strong>STORNOVERSICHERUNG<\/strong><\/span><\/p>\n<p style=\"text-align: center;\"><span style=\"color: #ffffff;\">Storno- und Reiseabbruchsversicherung<br \/>\n4,5% des Gesamtbetrages Ihres Aufenthalts (ohne Bearbeitungsgeb\u00fchren und Kurtaxe).<\/span><\/p>\n<p>[\/vc_column_text][\/vc_column_inner][vc_column_inner width=&#8220;1\/3&#8243;][vc_icon icon_fontawesome=&#8220;fas fa-tags&#8220; color=&#8220;white&#8220; align=&#8220;center&#8220;][vc_column_text]<\/p>\n<p style=\"text-align: center;\"><span style=\"font-size: 14pt; color: #ffffff;\"><strong>TARIFE ZUSATZLEISTUNGEN<\/strong><\/span><\/p>\n<p style=\"text-align: center;\"><a href=\"https:\/\/media.huttopia.com\/tarifs-annexes-hiver.pdf\" target=\"_blank\" rel=\"noopener noreferrer\"><span style=\"color: #ffffff;\"><u>Unsere Tarife f\u00fcr Zusatzleistungen ansehen<\/u><\/span><\/a><\/p>\n<p>[\/vc_column_text][\/vc_column_inner][\/vc_row_inner]<\/div>[\/vc_column][\/vc_row]<\/p>\n<\/div>","protected":false},"excerpt":{"rendered":"<p>[vc_row css=&#8220;.vc_custom_1644492984472{background-color: #e8e8e8 !important;}&#8220;][vc_column][\/vc_column][\/vc_row][vc_row][vc_column][\/vc_column][\/vc_row][vc_row css=&#8220;.vc_custom_1644493896389{background-color: #e8e8e8 !important;}&#8220;][vc_column][\/vc_column][\/vc_row][vc_row css=&#8220;.vc_custom_1644493944877{background-color: #23afc2 !important;}&#8220;][vc_column][\/vc_column][\/vc_row]<\/p>\n","protected":false},"author":4,"featured_media":0,"parent":0,"menu_order":0,"comment_status":"closed","ping_status":"closed","template":"","meta":{"footnotes":""},"class_list":["post-1508","page","type-page","status-publish","hentry"],"yoast_head":"<!-- This site is optimized with the Yoast SEO plugin v25.6 - https:\/\/yoast.com\/wordpress\/plugins\/seo\/ -->\n<title>Mein Aufenthalt - Les Chalets de Bourg-St-Maurice<\/title>\n<meta name=\"description\" content=\"Alle praktischen Informationen vor Ihrem Chalet-Aufenthalt\" \/>\n<meta name=\"robots\" content=\"index, follow, max-snippet:-1, max-image-preview:large, max-video-preview:-1\" \/>\n<link rel=\"canonical\" href=\"https:\/\/www.chalets-bourgsaintmaurice.com\/de\/mon-sejour\/\" \/>\n<meta property=\"og:locale\" content=\"de_DE\" \/>\n<meta property=\"og:type\" content=\"article\" \/>\n<meta property=\"og:title\" content=\"Mein Aufenthalt - Les Chalets de Bourg-St-Maurice\" \/>\n<meta property=\"og:description\" content=\"Alle praktischen Informationen vor Ihrem Chalet-Aufenthalt\" \/>\n<meta property=\"og:url\" content=\"https:\/\/www.chalets-bourgsaintmaurice.com\/de\/mon-sejour\/\" \/>\n<meta property=\"og:site_name\" content=\"Les Chalets de Bourg-St-Maurice\" \/>\n<meta property=\"article:modified_time\" content=\"2025-09-23T10:36:38+00:00\" \/>\n<meta name=\"twitter:card\" content=\"summary_large_image\" \/>\n<meta name=\"twitter:label1\" content=\"Est. reading time\" \/>\n\t<meta name=\"twitter:data1\" content=\"3 Minuten\" \/>\n<script type=\"application\/ld+json\" class=\"yoast-schema-graph\">{\"@context\":\"https:\/\/schema.org\",\"@graph\":[{\"@type\":\"WebPage\",\"@id\":\"https:\/\/www.chalets-bourgsaintmaurice.com\/de\/mon-sejour\/\",\"url\":\"https:\/\/www.chalets-bourgsaintmaurice.com\/de\/mon-sejour\/\",\"name\":\"Mein Aufenthalt - Les Chalets de Bourg-St-Maurice\",\"isPartOf\":{\"@id\":\"https:\/\/www.chalets-bourgsaintmaurice.com\/de\/#website\"},\"datePublished\":\"2022-02-10T11:03:50+00:00\",\"dateModified\":\"2025-09-23T10:36:38+00:00\",\"description\":\"Alle praktischen Informationen vor Ihrem Chalet-Aufenthalt\",\"breadcrumb\":{\"@id\":\"https:\/\/www.chalets-bourgsaintmaurice.com\/de\/mon-sejour\/#breadcrumb\"},\"inLanguage\":\"de-DE\",\"potentialAction\":[{\"@type\":\"ReadAction\",\"target\":[\"https:\/\/www.chalets-bourgsaintmaurice.com\/de\/mon-sejour\/\"]}]},{\"@type\":\"BreadcrumbList\",\"@id\":\"https:\/\/www.chalets-bourgsaintmaurice.com\/de\/mon-sejour\/#breadcrumb\",\"itemListElement\":[{\"@type\":\"ListItem\",\"position\":1,\"name\":\"Home\",\"item\":\"https:\/\/www.chalets-bourgsaintmaurice.com\/de\/\"},{\"@type\":\"ListItem\",\"position\":2,\"name\":\"Mein Aufenthalt\"}]},{\"@type\":\"WebSite\",\"@id\":\"https:\/\/www.chalets-bourgsaintmaurice.com\/de\/#website\",\"url\":\"https:\/\/www.chalets-bourgsaintmaurice.com\/de\/\",\"name\":\"Les Chalets de Bourg-St-Maurice\",\"description\":\"Just another Citykamp site\",\"potentialAction\":[{\"@type\":\"SearchAction\",\"target\":{\"@type\":\"EntryPoint\",\"urlTemplate\":\"https:\/\/www.chalets-bourgsaintmaurice.com\/de\/?s={search_term_string}\"},\"query-input\":{\"@type\":\"PropertyValueSpecification\",\"valueRequired\":true,\"valueName\":\"search_term_string\"}}],\"inLanguage\":\"de-DE\"}]}<\/script>\n<!-- \/ Yoast SEO plugin. -->","yoast_head_json":{"title":"Mein Aufenthalt - Les Chalets de Bourg-St-Maurice","description":"Alle praktischen Informationen vor Ihrem Chalet-Aufenthalt","robots":{"index":"index","follow":"follow","max-snippet":"max-snippet:-1","max-image-preview":"max-image-preview:large","max-video-preview":"max-video-preview:-1"},"canonical":"https:\/\/www.chalets-bourgsaintmaurice.com\/de\/mon-sejour\/","og_locale":"de_DE","og_type":"article","og_title":"Mein Aufenthalt - Les Chalets de Bourg-St-Maurice","og_description":"Alle praktischen Informationen vor Ihrem Chalet-Aufenthalt","og_url":"https:\/\/www.chalets-bourgsaintmaurice.com\/de\/mon-sejour\/","og_site_name":"Les Chalets de Bourg-St-Maurice","article_modified_time":"2025-09-23T10:36:38+00:00","twitter_card":"summary_large_image","twitter_misc":{"Est. reading time":"3 Minuten"},"schema":{"@context":"https:\/\/schema.org","@graph":[{"@type":"WebPage","@id":"https:\/\/www.chalets-bourgsaintmaurice.com\/de\/mon-sejour\/","url":"https:\/\/www.chalets-bourgsaintmaurice.com\/de\/mon-sejour\/","name":"Mein Aufenthalt - Les Chalets de Bourg-St-Maurice","isPartOf":{"@id":"https:\/\/www.chalets-bourgsaintmaurice.com\/de\/#website"},"datePublished":"2022-02-10T11:03:50+00:00","dateModified":"2025-09-23T10:36:38+00:00","description":"Alle praktischen Informationen vor Ihrem Chalet-Aufenthalt","breadcrumb":{"@id":"https:\/\/www.chalets-bourgsaintmaurice.com\/de\/mon-sejour\/#breadcrumb"},"inLanguage":"de-DE","potentialAction":[{"@type":"ReadAction","target":["https:\/\/www.chalets-bourgsaintmaurice.com\/de\/mon-sejour\/"]}]},{"@type":"BreadcrumbList","@id":"https:\/\/www.chalets-bourgsaintmaurice.com\/de\/mon-sejour\/#breadcrumb","itemListElement":[{"@type":"ListItem","position":1,"name":"Home","item":"https:\/\/www.chalets-bourgsaintmaurice.com\/de\/"},{"@type":"ListItem","position":2,"name":"Mein Aufenthalt"}]},{"@type":"WebSite","@id":"https:\/\/www.chalets-bourgsaintmaurice.com\/de\/#website","url":"https:\/\/www.chalets-bourgsaintmaurice.com\/de\/","name":"Les Chalets de Bourg-St-Maurice","description":"Just another Citykamp site","potentialAction":[{"@type":"SearchAction","target":{"@type":"EntryPoint","urlTemplate":"https:\/\/www.chalets-bourgsaintmaurice.com\/de\/?s={search_term_string}"},"query-input":{"@type":"PropertyValueSpecification","valueRequired":true,"valueName":"search_term_string"}}],"inLanguage":"de-DE"}]}},"_links":{"self":[{"href":"https:\/\/www.chalets-bourgsaintmaurice.com\/de\/wp-json\/wp\/v2\/pages\/1508","targetHints":{"allow":["GET"]}}],"collection":[{"href":"https:\/\/www.chalets-bourgsaintmaurice.com\/de\/wp-json\/wp\/v2\/pages"}],"about":[{"href":"https:\/\/www.chalets-bourgsaintmaurice.com\/de\/wp-json\/wp\/v2\/types\/page"}],"author":[{"embeddable":true,"href":"https:\/\/www.chalets-bourgsaintmaurice.com\/de\/wp-json\/wp\/v2\/users\/4"}],"replies":[{"embeddable":true,"href":"https:\/\/www.chalets-bourgsaintmaurice.com\/de\/wp-json\/wp\/v2\/comments?post=1508"}],"version-history":[{"count":3,"href":"https:\/\/www.chalets-bourgsaintmaurice.com\/de\/wp-json\/wp\/v2\/pages\/1508\/revisions"}],"predecessor-version":[{"id":1705,"href":"https:\/\/www.chalets-bourgsaintmaurice.com\/de\/wp-json\/wp\/v2\/pages\/1508\/revisions\/1705"}],"wp:attachment":[{"href":"https:\/\/www.chalets-bourgsaintmaurice.com\/de\/wp-json\/wp\/v2\/media?parent=1508"}],"curies":[{"name":"wp","href":"https:\/\/api.w.org\/{rel}","templated":true}]}}